{"id":77,"date":"2024-08-14T16:48:56","date_gmt":"2024-08-14T14:48:56","guid":{"rendered":"http:\/\/pokojeprzyspokojnej.pl\/?page_id=77"},"modified":"2024-08-14T19:26:46","modified_gmt":"2024-08-14T17:26:46","slug":"standardy-ochrony-maloletnich","status":"publish","type":"page","link":"http:\/\/pokojeprzyspokojnej.pl\/?page_id=77","title":{"rendered":"Standardy ochrony ma\u0142oletnich"},"content":{"rendered":"\t\t<div data-elementor-type=\"wp-page\" data-elementor-id=\"77\" class=\"elementor elementor-77\">\n\t\t\t\t<div class=\"elementor-element elementor-element-25a8cae7 e-flex e-con-boxed wpr-particle-no wpr-jarallax-no wpr-parallax-no wpr-sticky-section-no e-con e-parent\" data-id=\"25a8cae7\" data-element_type=\"container\" data-settings=\"{&quot;content_width&quot;:&quot;boxed&quot;}\" data-core-v316-plus=\"true\">\n\t\t\t\t\t<div class=\"e-con-inner\">\n\t\t<div class=\"elementor-element elementor-element-1163c694 e-con-full e-flex wpr-particle-no wpr-jarallax-no wpr-parallax-no wpr-sticky-section-no e-con e-child\" data-id=\"1163c694\" data-element_type=\"container\" data-settings=\"{&quot;content_width&quot;:&quot;full&quot;}\">\n\t\t\t\t<div class=\"elementor-element elementor-element-37455a3 elementor-invisible elementor-widget elementor-widget-heading\" data-id=\"37455a3\" data-element_type=\"widget\" data-settings=\"{&quot;_animation&quot;:&quot;fadeIn&quot;}\" data-widget_type=\"heading.default\">\n\t\t\t\t<div class=\"elementor-widget-container\">\n\t\t\t<style>\/*! elementor - v3.19.0 - 07-02-2024 *\/\n.elementor-heading-title{padding:0;margin:0;line-height:1}.elementor-widget-heading .elementor-heading-title[class*=elementor-size-]>a{color:inherit;font-size:inherit;line-height:inherit}.elementor-widget-heading .elementor-heading-title.elementor-size-small{font-size:15px}.elementor-widget-heading .elementor-heading-title.elementor-size-medium{font-size:19px}.elementor-widget-heading .elementor-heading-title.elementor-size-large{font-size:29px}.elementor-widget-heading .elementor-heading-title.elementor-size-xl{font-size:39px}.elementor-widget-heading .elementor-heading-title.elementor-size-xxl{font-size:59px}<\/style><h6 class=\"elementor-heading-title elementor-size-default\">Standardy ochrony ma\u0142oletnich<\/h6>\t\t<\/div>\n\t\t\t\t<\/div>\n\t\t\t\t<\/div>\n\t\t\t\t\t<\/div>\n\t\t\t\t<\/div>\n\t\t<div class=\"elementor-element elementor-element-22f15ad e-flex e-con-boxed wpr-particle-no wpr-jarallax-no wpr-parallax-no wpr-sticky-section-no e-con e-parent\" data-id=\"22f15ad\" data-element_type=\"container\" data-settings=\"{&quot;content_width&quot;:&quot;boxed&quot;}\" data-core-v316-plus=\"true\">\n\t\t\t\t\t<div class=\"e-con-inner\">\n\t\t\t\t<div class=\"elementor-element elementor-element-a8ae2a6 elementor-widget elementor-widget-text-editor\" data-id=\"a8ae2a6\" data-element_type=\"widget\" data-widget_type=\"text-editor.default\">\n\t\t\t\t<div class=\"elementor-widget-container\">\n\t\t\t<style>\/*! elementor - v3.19.0 - 07-02-2024 *\/\n.elementor-widget-text-editor.elementor-drop-cap-view-stacked .elementor-drop-cap{background-color:#69727d;color:#fff}.elementor-widget-text-editor.elementor-drop-cap-view-framed .elementor-drop-cap{color:#69727d;border:3px solid;background-color:transparent}.elementor-widget-text-editor:not(.elementor-drop-cap-view-default) .elementor-drop-cap{margin-top:8px}.elementor-widget-text-editor:not(.elementor-drop-cap-view-default) .elementor-drop-cap-letter{width:1em;height:1em}.elementor-widget-text-editor .elementor-drop-cap{float:left;text-align:center;line-height:1;font-size:50px}.elementor-widget-text-editor .elementor-drop-cap-letter{display:inline-block}<\/style>\t\t\t\t<p><strong>DEFINICJE<\/strong><\/p><p>Na potrzeby tego dokumentu zosta\u0142o doprecyzowane znaczenie poni\u017cszych poj\u0119\u0107:<\/p><p>a) Dziecko\/ma\u0142oletni to ka\u017cda osoba poni\u017cej 18 roku w\u0142\u0105cznie z dzie\u0107mi niepe\u0142nosprawnymi oraz z dzie\u0107mi ze specjalnymi potrzebami edukacyjnymi.<\/p><p>b) Obca osoba doros\u0142a to ka\u017cdy cz\u0142owiek powy\u017cej 18 roku \u017cycia, kt\u00f3ry nie jest dla dziecka jego rodzicem lub opiekunem prawnym.<\/p><p>c) Pracownik, personel \u2013 ka\u017cda osoba zatrudniona w ZCTiR sp. z o.o. na podstawie umowy o prac\u0119, umowy cywilnoprawnej, ale tak\u017ce wolontariusz, praktykant lub sta\u017cysta,<\/p><p>d) Krzywdzenie dziecka oznacza pope\u0142nienie na jego szkod\u0119 przest\u0119pstwa.<\/p><p>e) Przest\u0119pstwo na szkod\u0119 dziecka \u2013 na szkod\u0119 dzieci mog\u0105 by\u0107 pope\u0142nione wszystkie przest\u0119pstwa, jakie mog\u0105 by\u0107 pope\u0142nione przeciwko osobom doros\u0142ym, a dodatkowo przest\u0119pstwa, kt\u00f3re mog\u0105 by\u0107 pope\u0142nione wy\u0142\u0105cznie przeciwko dzieciom (np. wykorzystywanie seksualne z art. 200 kk). Z uwagi na specyfik\u0119 obiekt\u00f3w turystycznych, w kt\u00f3rych \u0142atwo mo\u017cna uzyska\u0107 mo\u017cliwo\u015b\u0107 odosobnienia, przest\u0119pstwami, do kt\u00f3rych najcz\u0119\u015bciej mo\u017ce doj\u015b\u0107 na ich terenie, b\u0119d\u0105 przest\u0119pstwa przeciwko wolno\u015bci (art. 189 kk, art. 189a kk oraz art. 191a kk), przeciwko wolno\u015bci seksualnej i obyczajno\u015bci, w szczeg\u00f3lno\u015bci zgwa\u0142cenie (art. 197 kk), seksualne wykorzystanie niepoczytalno\u015bci i bezradno\u015bci (art. 198 kk), seksualne wykorzystanie zale\u017cno\u015bci lub krytycznego po\u0142o\u017cenia (art. 199 kk), seksualne wykorzystanie osoby poni\u017cej 15 roku \u017cycia (art. 200 kk), grooming (uwiedzenie ma\u0142oletniego za pomoc\u0105 \u015brodk\u00f3w porozumiewania si\u0119 na odleg\u0142o\u015b\u0107 &#8211; art. 200a kk), a tak\u017ce przest\u0119pstwa dotycz\u0105ce naruszenia nietykalno\u015bci cielesnej (art. 217 kk).<\/p><ol start=\"2\"><li><strong> PREAMBU\u0141A <\/strong><\/li><\/ol><p>Maj\u0105c na uwadze tre\u015b\u0107 wytycznych Organizacji Narod\u00f3w Zjednoczonych w zakresie biznesu i praw cz\u0142owieka, uznaj\u0105c istotn\u0105 rol\u0119 biznesu w zapewnieniu poszanowania praw dzieci, w szczeg\u00f3lno\u015bci prawa do ochrony ich godno\u015bci i wolno\u015bci od wszelkich form krzywdzenia, ZCTIR SP. z o.o. przyjmuje niniejszy dokument jako wz\u00f3r zasad i procedur w przypadku podejrzenia, \u017ce dziecku, kt\u00f3re przebywa w obiektach ZCTIR dzieje si\u0119 krzywda. Niniejszy dokument przyj\u0119ty jest tak\u017ce w celu zapobiegania wszelkim zagro\u017ceniom wobec dzieci.<\/p><p>Dokument jest obowi\u0105zuj\u0105cy we wszystkich obiektach ZCTIR Sp. z o. o.:<\/p><ul><li><strong>ORW FAMA \u2013 STA, ul. Ko\u0142obrzeska 32, 72-330 Mrze\u017cyno,<\/strong><\/li><li><strong>Wrzosowa Polana, ul. Ko\u0142obrzeska 32, 72-330 Mrze\u017cyno,<\/strong><\/li><li><strong>Pokoje przy Spokojnej, ul. Spokojna 1, 72-350 Niechorze,<\/strong><\/li><li><strong>Lawendowa Ostoja, ul. Spokojna 1, 72-350 Niechorze.<\/strong><\/li><\/ul><p>Polityk\u0119 ochrony dzieci realizujemy poprzez niniejsze zasady:<\/p><p><span style=\"color: inherit; font-family: inherit; font-size: inherit; font-style: inherit; font-weight: inherit;\">a) ZCTIR Sp. z o.o. prowadzi swoj\u0105 dzia\u0142alno\u015b\u0107 z poszanowaniem praw cz\u0142owieka, w szczeg\u00f3lno\u015bci praw dzieci jako os\u00f3b szczeg\u00f3lnie wra\u017cliwych na krzywdzenie.<\/span><\/p><p><span style=\"color: inherit; font-family: inherit; font-size: inherit; font-style: inherit; font-weight: inherit;\">b) ZCTIR Sp. z o.o. uznaje swoj\u0105 rol\u0119 w prowadzeniu biznesu spo\u0142ecznie odpowiedzialnego i promowaniu po\u017c\u0105danych postaw spo\u0142ecznych.<\/span><\/p><p><span style=\"color: inherit; font-family: inherit; font-size: inherit; font-style: inherit; font-weight: inherit;\">c) ZCTIR Sp. z o.o. w szczeg\u00f3lno\u015bci podkre\u015bla istotno\u015b\u0107 prawnego i spo\u0142ecznego obowi\u0105zku zawiadamiania organ\u00f3w \u015bcigania o ka\u017cdym przypadku podejrzenia pope\u0142nienia przest\u0119pstwa na szkod\u0119 dzieci i zobowi\u0105zuje si\u0119 szkoli\u0107 sw\u00f3j personel w tym zakresie.<\/span><\/p><p><span style=\"color: inherit; font-family: inherit; font-size: inherit; font-style: inherit; font-weight: inherit;\">d) ZCTIR Sp. z o.o. zobowi\u0105zuje si\u0119 edukowa\u0107 personel na temat okoliczno\u015bci wskazuj\u0105cych, \u017ce dziecko przebywaj\u0105ce w obiekcie mo\u017ce by\u0107 krzywdzone oraz w zakresie sposob\u00f3w szybkiego i odpowiedniego reagowania na takie sytuacje.<\/span><\/p><p><span style=\"color: inherit; font-family: inherit; font-size: inherit; font-style: inherit; font-weight: inherit;\">e) Jedn\u0105 z form skutecznego zapobiegania krzywdzeniu dzieci jest identyfikacja dziecka przebywaj\u0105cego w obiekcie i jego relacji w stosunku do osoby doros\u0142ej, z kt\u00f3r\u0105 przebywa w obiekcie. Personel podejmuje wszelkie mo\u017cliwe kroki zmierzaj\u0105ce do przeprowadzenia identyfikacji dziecka i jego relacji z osob\u0105 doros\u0142\u0105, z kt\u00f3r\u0105 znajduje si\u0119 w obiekcie, w oparciu o procedur\u0119, jasno okre\u015blone zasady oraz dobr\u0105 praktyk\u0119.<\/span><\/p><p><span style=\"color: inherit; font-family: inherit; font-size: inherit; font-style: inherit; font-weight: inherit;\">f) Dost\u0119pno\u015b\u0107 informacji dla dzieci na temat mo\u017cliwo\u015bci uzyskania pomocy w trudnej sytuacji, w tym numery bezp\u0142atnych telefon\u00f3w zaufania dla dzieci i m\u0142odzie\u017cy:<\/span><\/p><ul><li><strong>Dzieci\u0119cy Telefon Zaufania Rzecznika Praw Dziecka \u2013 tel. 800 12 12 12<\/strong><\/li><li><strong>Telefon Zaufania dla Dzieci i M\u0142odzie\u017cy Fundacji Dajemy Dzieciom Si\u0142\u0119 \u2013 tel. 116\u00a0111<\/strong><\/li><li><strong>Fundacja S\u0142onie na Balkonie \u2013 tel. 800\u00a0800\u00a0602 <\/strong><\/li><\/ul><p><strong>\u00a0<\/strong><\/p><ol start=\"3\"><li><strong> PROCEDURA W PRZYPADKU PODEJRZENIA KRZYWDZENIA DZIECKA\u00a0<\/strong><\/li><\/ol><p>a) Zawsze, kiedy jest to mo\u017cliwe nale\u017cy dokonywa\u0107 identyfikacji dziecka i jego\/jej relacji z osob\u0105 doros\u0142\u0105, z kt\u00f3r\u0105 przebywa w obiekcie.<\/p><p>b) W sytuacjach nietypowych i\/lub podejrzanych, wskazuj\u0105cych na mo\u017cliwe ryzyko krzywdzenia dziecka, identyfikacja jest obowi\u0105zkowo przeprowadzana przez pracownika recepcji. Przyk\u0142ady sytuacji mog\u0105cych budzi\u0107 podejrzenia znajduj\u0105 si\u0119 w Za\u0142\u0105czniku nr 1.<\/p><p>c) Aby dokona\u0107 identyfikacji dziecka i jego relacji w stosunku do osoby, z kt\u00f3r\u0105 przebywa w hotelu nale\u017cy:<\/p><ul><li>Zapyta\u0107 o dokument dziecka (dow\u00f3d osobisty, paszport, legitymacj\u0119 szkoln\u0105).<\/li><li>Zapyta\u0107 o relacj\u0119 dziecka w stosunku do osoby, z kt\u00f3r\u0105 przyby\u0142o do obiektu.<\/li><li>W przypadku braku dokument\u00f3w wskazuj\u0105cych na pokrewie\u0144stwo dziecka i osoby doros\u0142ej nale\u017cy zapyta\u0107 o t\u0119 relacj\u0119 \u2013 <strong>osob\u0119 doros\u0142\u0105 oraz dziecko<\/strong>. Przyk\u0142adowy schemat rozmowy z doros\u0142ym i dzieckiem znajduje si\u0119 w Za\u0142\u0105czniku nr 2.<\/li><li>Je\u017celi osoba doros\u0142a nie jest rodzicem lub opiekunem prawnym dziecka, nale\u017cy zapyta\u0107, czy posiada dokument \u015bwiadcz\u0105cy o zgodzie rodzic\u00f3w na wsp\u00f3lny wyjazd osoby doros\u0142ej z dzieckiem (np. pisemne o\u015bwiadczenie).<\/li><li>Je\u017celi osoba doros\u0142a nie posiada dokumentu zgody rodzic\u00f3w, nale\u017cy poprosi\u0107 o numer telefonu wy\u017cej wymienionych, aby zadzwoni\u0107 i potwierdzi\u0107 przebywanie dziecka w hotelu z obc\u0105 osob\u0105 doros\u0142\u0105 za wiedz\u0105 i zgod\u0105 rodzic\u00f3w\/opiekun\u00f3w prawnych.<\/li><\/ul><p>d) W przypadku oporu ze strony osoby doros\u0142ej, co do okazania dokumentu dziecka i\/lub wskazania relacji nale\u017cy wyja\u015bni\u0107, \u017ce procedura s\u0142u\u017cy zapewnieniu dzieciom bezpiecze\u0144stwa i zosta\u0142a opracowana w porozumieniu z organizacjami pozarz\u0105dowymi dzia\u0142aj\u0105cymi w tym przedmiocie.<\/p><p>e) Po wyja\u015bnieniu sprawy w spos\u00f3b pozytywny, nale\u017cy podzi\u0119kowa\u0107 za czas po\u015bwi\u0119cony na upewnienie si\u0119, \u017ce dziecko jest pod dobr\u0105 opiek\u0105 i jeszcze raz podkre\u015bli\u0107, \u017ce procedura ma na celu zapewnienie bezpiecze\u0144stwa dzieciom.<\/p><p>f) W przypadku, gdy rozmowa nie rozwieje w\u0105tpliwo\u015bci dotycz\u0105cych podejrzenia wobec doros\u0142ego i jego intencji skrzywdzenia dziecka, nale\u017cy dyskretnie powiadomi\u0107 prze\u0142o\u017conego.<\/p><p>g) Od momentu kiedy pojawi\u0142y si\u0119 pierwsze w\u0105tpliwo\u015bci, zar\u00f3wno dziecko jak i osoba doros\u0142a, powinni by\u0107 pod sta\u0142\u0105 obserwacj\u0105 personelu i nie powinni zostawa\u0107 sami.<\/p><p>h) Prze\u0142o\u017cony, kt\u00f3ry zosta\u0142 powiadomiony o sytuacji, podejmuje decyzj\u0119 o zawiadomieniu policji lub w razie w\u0105tpliwo\u015bci przejmuje rozmow\u0119 z podejrzan\u0105 osob\u0105 doros\u0142\u0105, w celu dalszych wyja\u015bnie\u0144.<\/p><p>i) W przypadku, gdy rozmowa potwierdzi przekonanie o pr\u00f3bie lub pope\u0142nieniu przest\u0119pstwa na szkod\u0119 dziecka, prze\u0142o\u017cony zawiadamia o tym fakcie policj\u0119. Dalej stosuje si\u0119 procedur\u0119 w przypadku okoliczno\u015bci wskazuj\u0105cych na skrzywdzenie dziecka.<\/p><p>j) W przypadku, gdy \u015bwiadkami nietypowych i\/lub podejrzanych sytuacji s\u0105 pracownicy innych dzia\u0142\u00f3w ZCTIR Sp. z o.o. np. serwis sprz\u0105taj\u0105cy, pracownicy kuchni, sto\u0142\u00f3wki i inni, powinni oni o tym niezw\u0142ocznie zawiadomi\u0107 prze\u0142o\u017conego, kt\u00f3ry zadecyduje o podj\u0119ciu odpowiednich dzia\u0142a\u0144.<\/p><p>k) W zale\u017cno\u015bci od sytuacji prze\u0142o\u017cony weryfikuje, na ile podejrzenie krzywdzenia dziecka jest zasadne. W tym celu dobiera odpowiednie \u015brodki prowadz\u0105ce do wyja\u015bnienia sytuacji lub podejmuje decyzj\u0119 o przeprowadzeniu interwencji i zawiadamia policj\u0119.<\/p><p><strong>\u00a0<\/strong><\/p><ol start=\"4\"><li><strong> PROCEDURA W PRZYPADKU OKOLICZNO\u015aCI WSKAZUJ\u0104CYCH NA SKRZYWDZENIE DZIECKA<\/strong><\/li><\/ol><p>a) Maj\u0105c uzasadnione podejrzenie, \u017ce dziecko przebywaj\u0105ce w obiekcie jest krzywdzone, nale\u017cy niezw\u0142ocznie zawiadomi\u0107 policj\u0119, dzwoni\u0105c pod numer 112 i opisuj\u0105c okoliczno\u015bci zdarzenia. W zale\u017cno\u015bci od dynamiki sytuacji i okoliczno\u015bci, telefon wykonuje osoba, kt\u00f3ra jest bezpo\u015brednim \u015bwiadkiem zdarzenia (pracownik\/prze\u0142o\u017cony). Je\u015bli zawiadamiaj\u0105cym jest pracownik, jednocze\u015bnie o zdarzeniu informuje swojego prze\u0142o\u017conego.<\/p><p>b) Uzasadnione podejrzenie krzywdzenia dziecka wyst\u0119puje wtedy, gdy:<\/p><ul><li>dziecko ujawni\u0142o wobec pracownika fakt krzywdzenia,<\/li><li>pracownik zaobserwowa\u0142 krzywdzenie,<\/li><li>dziecko ma na sobie \u015blady krzywdzenia (np. zadrapania, zasinienia), a zapytane odpowiada niesp\u00f3jnie i\/lub chaotycznie lub\/i popada w zak\u0142opotanie b\u0105d\u017a wyst\u0119puj\u0105 inne okoliczno\u015bci mog\u0105ce wskazywa\u0107 na krzywdzenie np. znalezienie materia\u0142\u00f3w pornograficznych z udzia\u0142em dzieci w pokoju osoby doros\u0142ej,<\/li><\/ul><p>c) W tej sytuacji, nale\u017cy uniemo\u017cliwi\u0107 dziecku oraz osobie podejrzewanej o krzywdzenie dziecka oddalenie si\u0119 z obiektu.<\/p><p>d) W uzasadnionych przypadkach mo\u017cna dokona\u0107 obywatelskiego zatrzymania osoby podejrzewanej. W takiej sytuacji, do czasu przybycia policji, nale\u017cy trzyma\u0107 t\u0119 osob\u0119 w osobnym pomieszczeniu z dala od widoku innych go\u015bci, pod nadzorem dw\u00f3ch pracownik\u00f3w.<\/p><p>e) W ka\u017cdym przypadku nale\u017cy zadba\u0107 o bezpiecze\u0144stwo dziecka. Dziecko powinno przebywa\u0107 pod opiek\u0105 pracownika do czasu przyjazdu policji.<\/p><p>f) W przypadku uzasadnionego podejrzenia, \u017ce dosz\u0142o do pope\u0142nienia przest\u0119pstwa powi\u0105zanego z kontaktem dziecka z materia\u0142em biologicznym sprawcy (sperma, \u015blina, nask\u00f3rek) nale\u017cy w miar\u0119 mo\u017cliwo\u015bci nie dopu\u015bci\u0107, aby dziecko my\u0142o si\u0119 oraz jad\u0142o\/pi\u0142o do czasu przyjazdu policji.<\/p><p>g) Po odbiorze dziecka przez policj\u0119 nale\u017cy zabezpieczy\u0107 materia\u0142 z monitoringu oraz inne istotne dowody (np. dokumenty) dotycz\u0105ce zdarzenia i na wniosek s\u0142u\u017cb przekaza\u0107 ich kopi\u0119 listem poleconym lub osobi\u015bcie prokuratorowi lub policji.<\/p><p>h) Po interwencji nale\u017cy opisa\u0107 zdarzenie w notatce s\u0142u\u017cbowej.<\/p><p><strong>\u00a0<\/strong><\/p><ol start=\"5\"><li><strong> ZASADY ZAPEWNIAJ\u0104CE BEZPIECZNE RELACJE MI\u0118DZY PERSONELEM ZCTIR SP. Z O.O. A DZIE\u0106MI, A W SZCZEG\u00d3LNO\u015aCI ZACHOWANIA NIEDOZWOLONE WOBEC DZIECI<\/strong><\/li><\/ol><p><strong>\u00a0<\/strong><\/p><p>a) Naczeln\u0105 zasad\u0105 wszystkich czynno\u015bci podejmowanych przez personel ZCTIR Sp. z o.o. jest dzia\u0142anie dla dobra dziecka i w jego najlepszym interesie.<\/p><p>b) ZCTIR Sp. z o.o. b\u0119dzie dok\u0142ada\u0107 stara\u0144, aby pracownicy mog\u0105cy mie\u0107 kontakt z ma\u0142oletnimi przebywaj\u0105cymi w o\u015brodkach ZCTIR Sp. z o.o., mieli \u015bwiadomo\u015b\u0107 ci\u0105\u017c\u0105cych na nich w tym zakresie obowi\u0105zk\u00f3w, a tak\u017ce by potrafili zadba\u0107 o bezpieczne relacje mi\u0119dzy nimi a ma\u0142oletnimi.<\/p><p>c) Pracownik ZCTIR nie powinien dopuszcza\u0107 do sytuacji, w kt\u00f3rej pozostaje w pomieszczeniu sam na sam z ma\u0142oletnim, za wyj\u0105tkiem sytuacji, gdy pozostawienie ma\u0142oletniego samego, mog\u0142oby w istotny spos\u00f3b zagrozi\u0107 jego zdrowiu lub \u017cyciu. W takiej sytuacji w miar\u0119 mo\u017cliwo\u015bci nale\u017cy zapewni\u0107 obecno\u015b\u0107 innej osoby doros\u0142ej lub nadz\u00f3r kamer monitoringu.<\/p><p>d) Jakiekolwiek kontakty pomi\u0119dzy ma\u0142oletnimi a personelem ZCTiR Sp. z o.o. wykraczaj\u0105ce poza uzasadnione obowi\u0105zkami s\u0142u\u017cbowymi s\u0105 niedozwolone (w tym kontakt przez prywatne kana\u0142y komunikacji \u2013 np. komunikatory, e-mail, portale spo\u0142eczno\u015bciowe itp.).<\/p><p>e) W szczeg\u00f3lno\u015bci niedozwolone s\u0105:<\/p><ul><li>jakiekolwiek zachowania przemocowe wobec ma\u0142oletniego,<\/li><li>niestosowne i nieobyczajne zachowania wobec ma\u0142oletniego,<\/li><li>nawi\u0105zywanie relacji romantycznych i\/lub seksualnych z ma\u0142oletnim oraz sk\u0142adanie propozycji o takim charakterze,<\/li><li>utrwalanie wizerunku ma\u0142oletniego dla prywatnych cel\u00f3w,<\/li><li>proponowanie alkoholu, wyrob\u00f3w tytoniowych i substancji nielegalnych ma\u0142oletniemu.<\/li><\/ul><ol start=\"6\"><li><strong> ZATRUDNIANIE OS\u00d3B DO PRACY Z DZIE\u0106MI<\/strong><\/li><\/ol><p>a) Wszystkie osoby zatrudnione w ZCTiR Sp. z o.o. do wykonywania prac zwi\u0105zanych z edukacj\u0105, wypoczynkiem i opiek\u0105 nad dzie\u0107mi musz\u0105 by\u0107 dla nich bezpieczne, co oznacza m.in., \u017ce ich historia zatrudnienia powinna wskazywa\u0107, \u017ce nie skrzywdzi\u0142y w przesz\u0142o\u015bci \u017cadnego dziecka.<\/p><p>b) Ka\u017cd\u0105 osob\u0119 zatrudnian\u0105 przez ZCTIR do prac zwi\u0105zanych z edukacj\u0105, wypoczynkiem i opiek\u0105 nad dzie\u0107mi nale\u017cy obowi\u0105zkowo sprawdzi\u0107 w Rejestrze Sprawc\u00f3w Przest\u0119pstw na Tle Seksualnym.<\/p><p>Sprawdzenie osoby w Rejestrze odbywa si\u0119 poprzez wydruk wynik\u00f3w wyszukiwania osoby w Rejestrze z dost\u0119pem ograniczonym, kt\u00f3ry nast\u0119pnie wk\u0142adany jest do akt osobowych osoby sprawdzanej. Sprawdzenie nale\u017cy powtarza\u0107 co roku. Zakres danych osobowych niezb\u0119dnych do sprawdzenia osoby w Rejestrze znajduje si\u0119 w Za\u0142\u0105czniku nr 3.<\/p><p>c)Wszyscy pracownicy zatrudnieni do pracy z dzie\u0107mi, w tym osoby, kt\u00f3re mog\u0105 mie\u0107 potencjalny kontakt z dzie\u0107mi powinny z\u0142o\u017cy\u0107 o\u015bwiadczenie o braku karalno\u015bci i o nietoczeniu si\u0119 post\u0119powa\u0144 o czyny przeciwko dzieciom \u2013 Za\u0142\u0105cznik nr 4.<\/p><p><strong>\u00a0<\/strong><\/p><ol start=\"7\"><li><strong> STANDARDY OCHRONY DZIECI W INTERNECIE<\/strong><\/li><\/ol><p>a) ZCTIR SP. z o.o. nie udost\u0119pnia dzieciom urz\u0105dze\u0144 pod\u0142\u0105czonych do internetu.<\/p><p>b) Sie\u0107 internet jest zabezpieczona has\u0142em, udost\u0119pnianym w recepcji obiekt\u00f3w wy\u0142\u0105cznie osobom pe\u0142noletnim.<\/p><p><strong>\u00a0<\/strong><\/p><ol start=\"8\"><li><strong> ZAKRES KOMPETENCJI OS\u00d3B ODPOWIEDZIALNYCH ZA PRZYGOTOWANIE PERSONELU DO STOSOWANIA STANDARD\u00d3W OCHRONY MA\u0141OLETNICH<\/strong><\/li><\/ol><p>a) Osobami odpowiedzialnymi za wprowadzenie w obiektach ZCTIR Sp. z o.o. STANDARD\u00d3W OCHRONY MA\u0141OLETNICH s\u0105 kierownicy poszczeg\u00f3lnych obiekt\u00f3w w ramach zarz\u0105dzanych przez siebie o\u015brodk\u00f3w.<\/p><p>b) Pracownicy s\u0105 zobowi\u0105zani do zapoznania si\u0119 z niniejszym dokumentem i stosowaniem jego zapis\u00f3w.<\/p><p>c) Co najmniej raz na dwa lata kierownicy obiekt\u00f3w dokonaj\u0105 oceny Standard\u00f3w w celu zapewnienia ich dostosowania do aktualnych potrzeb oraz zgodno\u015bci z obowi\u0105zuj\u0105cymi przepisami, a wnioski z przeprowadzonej oceny zostan\u0105 udokumentowane na pi\u015bmie.<\/p><ol start=\"9\"><li><strong> POSTANOWIENIA KO\u0143COWE<\/strong><\/li><\/ol><p>a) Standardy s\u0105 udost\u0119pnione na stronach internetowych poszczeg\u00f3lnych obiekt\u00f3w ZCTIR SP. z o.o., tj. <a href=\"http:\/\/www.famasta.com.pl\/\">famasta.com.pl<\/a> , <a href=\"http:\/\/www.domkiwmrzezynie.pl\/\">www.domkiwmrzezynie.pl<\/a> , <a href=\"http:\/\/www.pokojeprzyspokojnej.pl\/\">www.pokojeprzyspokojnej.pl<\/a> , <a href=\"http:\/\/www.lawendowaostoja.pl\/\">www.lawendowaostoja.pl<\/a> , a tak\u017ce w widocznym miejscu w recepcjach obiekt\u00f3w w wersji zupe\u0142nej oraz skr\u00f3conej, przeznaczonej dla ma\u0142oletnich.<\/p><p>b) Dokument opracowany w oparciu o zapisy ustawy z dnia 13 maja 2016 o przeciwdzia\u0142aniu zagro\u017ceniom przest\u0119pczo\u015bci\u0105 na tle seksualnym i ochronie ma\u0142oletnich z p\u00f3\u017an. zm., o materia\u0142y Fundacji Dajemy Dzieciom Si\u0142\u0119 dost\u0119pne on \u2013 line na stronach <a href=\"http:\/\/www.fdds.pl\/\">fdds.pl<\/a> i <a href=\"http:\/\/www.standardy.fdds.pl\/\">www.standardy.fdds.pl<\/a> oraz w oparciu o szkolenie pt. \u201eStandardy ochrony ma\u0142oletnich w obiektach hotelarskich oraz turystycznych lub innych obiektach zakwaterowania zbiorowego zorganizowanego przez O\u015brodek Wspierania Administracji Lokalnej.<\/p><p>c) Standardy wchodz\u0105 w \u017cycie z dniem 15 sierpnia 2024 rok<\/p><p>\u00a0<\/p>\t\t\t\t\t\t<\/div>\n\t\t\t\t<\/div>\n\t\t\t\t\t<\/div>\n\t\t\t\t<\/div>\n\t\t<div class=\"elementor-element elementor-element-e9abe9a e-flex e-con-boxed wpr-particle-no wpr-jarallax-no wpr-parallax-no wpr-sticky-section-no e-con e-parent\" data-id=\"e9abe9a\" data-element_type=\"container\" data-settings=\"{&quot;content_width&quot;:&quot;boxed&quot;}\" data-core-v316-plus=\"true\">\n\t\t\t\t\t<div class=\"e-con-inner\">\n\t\t\t\t<div class=\"elementor-element elementor-element-655e845 elementor-widget elementor-widget-image\" data-id=\"655e845\" data-element_type=\"widget\" data-widget_type=\"image.default\">\n\t\t\t\t<div class=\"elementor-widget-container\">\n\t\t\t<style>\/*! elementor - v3.19.0 - 07-02-2024 *\/\n.elementor-widget-image{text-align:center}.elementor-widget-image a{display:inline-block}.elementor-widget-image a img[src$=\".svg\"]{width:48px}.elementor-widget-image img{vertical-align:middle;display:inline-block}<\/style>\t\t\t\t\t\t\t\t\t\t<img decoding=\"async\" src=\"http:\/\/pokojeprzyspokojnej.pl\/wp-content\/uploads\/elementor\/thumbs\/zal1-1-qslv9em4qi0iey1t948pbfogtia4mtypo50q9kjqn0.jpg\" title=\"ZCTiR Standardy Ochrony Ma\u0142oletnich _1\" alt=\"ZCTiR Standardy Ochrony Ma\u0142oletnich _1\" loading=\"lazy\" \/>\t\t\t\t\t\t\t\t\t\t\t\t\t<\/div>\n\t\t\t\t<\/div>\n\t\t\t\t\t<\/div>\n\t\t\t\t<\/div>\n\t\t<div class=\"elementor-element elementor-element-feb6aaa e-flex e-con-boxed wpr-particle-no wpr-jarallax-no wpr-parallax-no wpr-sticky-section-no e-con e-parent\" data-id=\"feb6aaa\" data-element_type=\"container\" data-settings=\"{&quot;content_width&quot;:&quot;boxed&quot;}\" data-core-v316-plus=\"true\">\n\t\t\t\t\t<div class=\"e-con-inner\">\n\t\t\t\t<div class=\"elementor-element elementor-element-31a692c elementor-widget elementor-widget-image\" data-id=\"31a692c\" data-element_type=\"widget\" data-widget_type=\"image.default\">\n\t\t\t\t<div class=\"elementor-widget-container\">\n\t\t\t\t\t\t\t\t\t\t\t\t\t<img decoding=\"async\" src=\"http:\/\/pokojeprzyspokojnej.pl\/wp-content\/uploads\/elementor\/thumbs\/zal1-2-qslvdrl6ftze9tpssi3edu2g0usfca9vxpytes2vee.jpg\" title=\"ZCTiR Standardy Ochrony Ma\u0142oletnich _1\" alt=\"ZCTiR Standardy Ochrony Ma\u0142oletnich _1\" loading=\"lazy\" \/>\t\t\t\t\t\t\t\t\t\t\t\t\t<\/div>\n\t\t\t\t<\/div>\n\t\t\t\t\t<\/div>\n\t\t\t\t<\/div>\n\t\t<div class=\"elementor-element elementor-element-05f33dd e-flex e-con-boxed wpr-particle-no wpr-jarallax-no wpr-parallax-no wpr-sticky-section-no e-con e-parent\" data-id=\"05f33dd\" data-element_type=\"container\" data-settings=\"{&quot;content_width&quot;:&quot;boxed&quot;}\" data-core-v316-plus=\"true\">\n\t\t\t\t\t<div class=\"e-con-inner\">\n\t\t\t\t<div class=\"elementor-element elementor-element-3f3a86d elementor-widget elementor-widget-text-editor\" data-id=\"3f3a86d\" data-element_type=\"widget\" data-widget_type=\"text-editor.default\">\n\t\t\t\t<div class=\"elementor-widget-container\">\n\t\t\t\t\t\t\t<p><strong>Za\u0142\u0105cznik nr 2: Przyk\u0142adowy schemat rozmowy z doros\u0142ym i z dzieckiem podczas identyfikacji<\/strong><\/p><p>Podczas rozmowy z osob\u0105 doros\u0142\u0105 nale\u017cy zachowa\u0107 spok\u00f3j, by\u0107 uprzejmym i cierpliwym.<\/p><p>Na pocz\u0105tku rozmowy warto poinformowa\u0107 osob\u0119 doros\u0142\u0105, \u017ce w ZCTIR Sp. z o.o. obowi\u0105zuj\u0105 procedury ochrony dzieci i w zwi\u0105zku z tym pracownik mo\u017ce zada\u0107 dodatkowe pytania, w celu weryfikacji danych dziecka.<\/p><p>Mog\u0105 zaistnie\u0107 sytuacje, w kt\u00f3rych osoba doros\u0142a b\u0119dzie czu\u0142a si\u0119 niekomfortowo, wyrazi sw\u00f3j sprzeciw albo niezadowolenie. NIE MUSI to oznacza\u0107, \u017ce jest ona potencjalnym przest\u0119pc\u0105.<\/p><p><em>Przyk\u0142ad rozmowy z klientem:<\/em><\/p><p>\u00abW naszym obiekcie obowi\u0105zuj\u0105 procedury ochrony dzieci, w zwi\u0105zku z tym, w momencie rejestracji prosimy o przedstawienie dokument\u00f3w to\u017csamo\u015bci wszystkich os\u00f3b b\u0119d\u0105cych go\u015b\u0107mi hotelowi. Czy dziecko ma przy sobie dokument to\u017csamo\u015bci?\u00bb (legitymacja, paszport, inne).<\/p><p>Je\u017celi dziecko nie posiada dokumentu lub po jego sprawdzeniu, nie ma pewno\u015bci, \u017ce osoba doros\u0142a jest prawnym opiekunem dziecka, mo\u017cemy zada\u0107 poni\u017csze pytania, kt\u00f3re pomog\u0105 okre\u015bli\u0107 sytuacje:<\/p><ul><li>Jak nazywa si\u0119 dziecko, ile ma lat?<\/li><li>Czy jest Pan\/Pani prawym opiekunem dziecka? lub Czy dziecko jest z Panem\/ Pani\u0105 spokrewnione?<\/li><li>Czy ma Pan\/Pani za\u015bwiadczenie od opiekun\u00f3w dziecka, \u017ce przebywa ono pod Pana\/Pani opiek\u0105?<\/li><li>Czy ma Pan\/Pani telefon do opiekun\u00f3w dziecka, \u017ceby\u015bmy mogli to potwierdzi\u0107?<\/li><li>W jakim celu podr\u00f3\u017cuje Pan\/Pani z dzieckiem?<\/li><\/ul><p>Przyk\u0142adowa rozmowa z dzieckiem:<\/p><ul><li>Jak si\u0119 nazywasz, ile masz lat? Gdzie mieszkasz?<\/li><li>Kim jest osoba, z kt\u00f3r\u0105 przyszed\u0142e\u015b\/przebywasz\/podr\u00f3\u017cujesz?<\/li><li>Czy znacie si\u0119 dobrze z tym Panem\/Pani\u0105?<\/li><li>Gdzie s\u0105 twoi rodzice? Chcieliby\u015bmy si\u0119 z nimi skontaktowa\u0107 &#8211; czy masz do nich numer telefonu?<\/li><\/ul><p>Je\u017celi doros\u0142y odpowiada za dziecko, informujemy, \u017ce chcemy porozmawia\u0107 z dzieckiem. Je\u017celi doros\u0142y utrudnia kontakt z dzieckiem, mo\u017cemy podkre\u015bli\u0107, \u017ce w sytuacji, kiedy niemo\u017cliwe jest ustalenie to\u017csamo\u015bci dziecka, b\u0119dziemy musieli zawiadomi\u0107 policj\u0119.<\/p><p><strong>Za\u0142\u0105cznik nr 3: Zakres danych do sprawdzenia osoby w Rejestrze Sprawc\u00f3w Przest\u0119pstw na Tle Seksualnym<\/strong><\/p><p><strong>Zakres danych pracownika\/wsp\u00f3\u0142pracownika\/sta\u017cysty niezb\u0119dnych do sprawdzenia w Rejestrze Sprawc\u00f3w Przest\u0119pstw na Tle Seksualnym.<\/strong><\/p><p>Imi\u0119 i nazwisko: \u2026\u2026\u2026\u2026\u2026\u2026\u2026\u2026\u2026\u2026\u2026\u2026\u2026\u2026\u2026\u2026\u2026..\u00a0<\/p><p>Data urodzenia: \u2026\u2026\u2026\u2026\u2026\u2026\u2026\u2026\u2026\u2026\u2026\u2026\u2026\u2026\u2026\u2026\u2026..\u00a0<\/p><p>Pesel: \u2026\u2026\u2026\u2026\u2026\u2026\u2026\u2026\u2026\u2026\u2026\u2026\u2026\u2026\u2026\u2026\u2026\u2026.\u2026\u2026\u2026\u2026\u2026.\u00a0<\/p><p>Nazwisko rodowe: \u2026\u2026\u2026\u2026\u2026\u2026\u2026\u2026\u2026\u2026\u2026.\u2026\u2026\u2026\u2026\u2026\u00a0<\/p><p>Imi\u0119 ojca: \u2026\u2026\u2026\u2026\u2026\u2026\u2026\u2026\u2026\u2026\u2026\u2026\u2026\u2026\u2026.\u2026\u2026\u2026\u2026\u2026\u2026\u00a0<\/p><p>Imi\u0119 matki: \u2026\u2026\u2026\u2026\u2026\u2026\u2026\u2026\u2026\u2026\u2026\u2026\u2026\u2026.\u2026\u2026\u2026\u2026\u2026\u2026\u00a0<\/p><p>Rejestr dost\u0119pny jest na stronie: <a href=\"https:\/\/rps.ms.gov.pl\/\">https:\/\/rps.ms.gov.pl\/<\/a><\/p>\t\t\t\t\t\t<\/div>\n\t\t\t\t<\/div>\n\t\t\t\t\t<\/div>\n\t\t\t\t<\/div>\n\t\t<div class=\"elementor-element elementor-element-658e262 e-flex e-con-boxed wpr-particle-no wpr-jarallax-no wpr-parallax-no wpr-sticky-section-no e-con e-parent\" data-id=\"658e262\" data-element_type=\"container\" data-settings=\"{&quot;content_width&quot;:&quot;boxed&quot;}\" data-core-v316-plus=\"true\">\n\t\t\t\t\t<div class=\"e-con-inner\">\n\t\t\t\t<div class=\"elementor-element elementor-element-9521813 elementor-widget elementor-widget-image\" data-id=\"9521813\" data-element_type=\"widget\" data-widget_type=\"image.default\">\n\t\t\t\t<div class=\"elementor-widget-container\">\n\t\t\t\t\t\t\t\t\t\t\t\t\t<img decoding=\"async\" src=\"http:\/\/pokojeprzyspokojnej.pl\/wp-content\/uploads\/elementor\/thumbs\/ZCTiR-Standardy-Ochrony-Maloletnich_2-Zasady-Interwencji-1-qslqcycts4gqy6ctlufy8ynebjzlobgoqs9d1m69to.jpg\" title=\"PLAKAT\" alt=\"PLAKAT\" loading=\"lazy\" \/>\t\t\t\t\t\t\t\t\t\t\t\t\t<\/div>\n\t\t\t\t<\/div>\n\t\t\t\t\t<\/div>\n\t\t\t\t<\/div>\n\t\t<div class=\"elementor-element elementor-element-2af1f14 e-flex e-con-boxed wpr-particle-no wpr-jarallax-no wpr-parallax-no wpr-sticky-section-no e-con e-parent\" data-id=\"2af1f14\" data-element_type=\"container\" data-settings=\"{&quot;content_width&quot;:&quot;boxed&quot;}\" data-core-v316-plus=\"true\">\n\t\t\t\t\t<div class=\"e-con-inner\">\n\t\t\t\t<div class=\"elementor-element elementor-element-89b1b5d elementor-widget elementor-widget-image\" data-id=\"89b1b5d\" data-element_type=\"widget\" data-widget_type=\"image.default\">\n\t\t\t\t<div class=\"elementor-widget-container\">\n\t\t\t\t\t\t\t\t\t\t\t\t\t<img decoding=\"async\" src=\"http:\/\/pokojeprzyspokojnej.pl\/wp-content\/uploads\/elementor\/thumbs\/ZCTiR-Standardy-Ochrony-Maloletnich_2-Zasady-Interwencji-2-qslqfepnmjtp9ish9wmvrccq5rw3rv7gexl05mj9ks.jpg\" title=\"PLAKAT\" alt=\"PLAKAT\" loading=\"lazy\" \/>\t\t\t\t\t\t\t\t\t\t\t\t\t<\/div>\n\t\t\t\t<\/div>\n\t\t\t\t\t<\/div>\n\t\t\t\t<\/div>\n\t\t<div class=\"elementor-element elementor-element-a67d1a9 e-flex e-con-boxed wpr-particle-no wpr-jarallax-no wpr-parallax-no wpr-sticky-section-no e-con e-parent\" data-id=\"a67d1a9\" data-element_type=\"container\" data-settings=\"{&quot;content_width&quot;:&quot;boxed&quot;}\" data-core-v316-plus=\"true\">\n\t\t\t\t\t<div class=\"e-con-inner\">\n\t\t\t\t<div class=\"elementor-element elementor-element-6ac161a elementor-widget elementor-widget-image\" data-id=\"6ac161a\" data-element_type=\"widget\" data-widget_type=\"image.default\">\n\t\t\t\t<div class=\"elementor-widget-container\">\n\t\t\t\t\t\t\t\t\t\t\t\t\t<img decoding=\"async\" src=\"http:\/\/pokojeprzyspokojnej.pl\/wp-content\/uploads\/elementor\/thumbs\/ZCTIR-Standardy-Ochrony-Maloletnich-_3-dla-dzieci-qslqhg12fmm2f3tzdsbs5tuohtuqg9aip0gvl7ijgy.jpg\" title=\"obrazki\" alt=\"obrazki\" loading=\"lazy\" \/>\t\t\t\t\t\t\t\t\t\t\t\t\t<\/div>\n\t\t\t\t<\/div>\n\t\t\t\t\t<\/div>\n\t\t\t\t<\/div>\n\t\t\t\t<\/div>\n\t\t","protected":false},"excerpt":{"rendered":"<p>Standardy ochrony ma\u0142oletnich DEFINICJE Na potrzeby tego dokumentu zosta\u0142o doprecyzowane znaczenie poni\u017cszych poj\u0119\u0107: a) Dziecko\/ma\u0142oletni to ka\u017cda osoba poni\u017cej 18 roku w\u0142\u0105cznie z dzie\u0107mi niepe\u0142nosprawnymi oraz z dzie\u0107mi ze specjalnymi potrzebami edukacyjnymi. b) Obca osoba doros\u0142a to ka\u017cdy cz\u0142owiek powy\u017cej 18 roku \u017cycia, kt\u00f3ry nie jest dla dziecka jego rodzicem lub opiekunem prawnym. c) Pracownik, [&hellip;]<\/p>\n","protected":false},"author":1,"featured_media":0,"parent":0,"menu_order":0,"comment_status":"closed","ping_status":"closed","template":"elementor_header_footer","meta":{"footnotes":""},"class_list":["post-77","page","type-page","status-publish","hentry"],"_links":{"self":[{"href":"http:\/\/pokojeprzyspokojnej.pl\/index.php?rest_route=\/wp\/v2\/pages\/77","targetHints":{"allow":["GET"]}}],"collection":[{"href":"http:\/\/pokojeprzyspokojnej.pl\/index.php?rest_route=\/wp\/v2\/pages"}],"about":[{"href":"http:\/\/pokojeprzyspokojnej.pl\/index.php?rest_route=\/wp\/v2\/types\/page"}],"author":[{"embeddable":true,"href":"http:\/\/pokojeprzyspokojnej.pl\/index.php?rest_route=\/wp\/v2\/users\/1"}],"replies":[{"embeddable":true,"href":"http:\/\/pokojeprzyspokojnej.pl\/index.php?rest_route=%2Fwp%2Fv2%2Fcomments&post=77"}],"version-history":[{"count":13,"href":"http:\/\/pokojeprzyspokojnej.pl\/index.php?rest_route=\/wp\/v2\/pages\/77\/revisions"}],"predecessor-version":[{"id":383,"href":"http:\/\/pokojeprzyspokojnej.pl\/index.php?rest_route=\/wp\/v2\/pages\/77\/revisions\/383"}],"wp:attachment":[{"href":"http:\/\/pokojeprzyspokojnej.pl\/index.php?rest_route=%2Fwp%2Fv2%2Fmedia&parent=77"}],"curies":[{"name":"wp","href":"https:\/\/api.w.org\/{rel}","templated":true}]}}